{"id":14013,"date":"2017-09-03T22:38:55","date_gmt":"2017-09-03T22:38:55","guid":{"rendered":"https:\/\/landscaping.vamtam.com\/?page_id=14013"},"modified":"2026-02-24T19:39:48","modified_gmt":"2026-02-24T19:39:48","slug":"home-page-3","status":"publish","type":"page","link":"http:\/\/kipos-gartenpflege.ch\/de\/","title":{"rendered":"Kipos-Gartenpflege"},"content":{"rendered":"<div class=\"vgblk-rw-wrapper limit-wrapper\">\n<h4>\n\tWir k\u00fcmmern uns um alles rund um Ihren Garten.\n\t<\/h4>\n\t<p>\u00dcberlassen Sie Ihren Garten in unsere erfahrenen H\u00e4nde und geniessen Sie unbeschwerte Momente mit Ihren Liebsten in Ihrem gr\u00fcnen Paradies.<\/p>\n\t\t\t\t\t\t\t<img loading=\"lazy\" decoding=\"async\" width=\"1280\" height=\"853\" src=\"http:\/\/kipos-gartenpflege.ch\/wp-content\/uploads\/2024\/04\/family-garden-kipos.webp\" alt=\"family-garden-kipos\" itemprop=\"image\" title=\"family-garden-kipos\" onerror=\"this.style.display='none'\"  sizes=\"(max-width: 768px) 100vw, 100vw\" srcset=\"https:\/\/kipos-gartenpflege.ch\/wp-content\/uploads\/2024\/04\/family-garden-kipos.webp 1280w, https:\/\/kipos-gartenpflege.ch\/wp-content\/uploads\/2024\/04\/family-garden-kipos-300x200.webp 300w, https:\/\/kipos-gartenpflege.ch\/wp-content\/uploads\/2024\/04\/family-garden-kipos-1024x682.webp 1024w, https:\/\/kipos-gartenpflege.ch\/wp-content\/uploads\/2024\/04\/family-garden-kipos-768x512.webp 768w, https:\/\/kipos-gartenpflege.ch\/wp-content\/uploads\/2024\/04\/family-garden-kipos-1260x840.webp 1260w, https:\/\/kipos-gartenpflege.ch\/wp-content\/uploads\/2024\/04\/family-garden-kipos-630x420.webp 630w, https:\/\/kipos-gartenpflege.ch\/wp-content\/uploads\/2024\/04\/family-garden-kipos-420x280.webp 420w, https:\/\/kipos-gartenpflege.ch\/wp-content\/uploads\/2024\/04\/family-garden-kipos-840x560.webp 840w, https:\/\/kipos-gartenpflege.ch\/wp-content\/uploads\/2024\/04\/family-garden-kipos-315x210.webp 315w\" \/>\t\t\t\t\t\t\t\n<h4>\n\tUnsere Werte\n\t<\/h4>\n\t<p>Bei Kipos- Gartenpflege leben wir die Philosophie der Nachhaltigkeit und des respektvollen Umgangs mit der Natur. Mit unserem langj\u00e4hrigen Know-how setzen wir uns daf\u00fcr ein, nachhaltige Lebensr\u00e4ume zu schaffen und dabei verantwortungsbewusst mit Energie, Personal und Ressourcen umzugehen.<\/p>\n<h3>\n\tBiodiversit\u00e4t\n\t<\/h3>\n\t<p>Schaffung von diversen Lebensr\u00e4umen zur F\u00f6rderung der Artenvielfalt.<\/p>\n<h3>\n\tNachhaltigkeit\n\t<\/h3>\n\t<p>Umsetzung nachhaltiger Ans\u00e4tze und schonender Umgang mit Ressourcen zum Schutz der Umwelt.<\/p>\n<h3>\n\tProfessionalit\u00e4t\n\t<\/h3>\n\t<p>Angewandtes, aktuelles Fachwissen und Pr\u00e4zision in der Ausf\u00fchrung.<\/p>\n<h3>\n\tZuverl\u00e4ssigkeit\n\t<\/h3>\n\t<p>Abgestimmte, fachgerechte Pflege f\u00fcr einen stets \u00e4sthetischen Garten.<\/p>\n<h4>\n\tUnsere Leistungen\n\t<\/h4>\n\t<p>Kipos ist auf die Pflege von G\u00e4rten und Terrassen spezialisiert und bringt \u00fcber ein Jahrzehnt Erfahrung mit. Wir pflegen und begleiten bereits dutzende von G\u00e4rten in der Schweiz und im Ausland.<\/p>\n<h3>\n\tPflege\n\t<\/h3>\n\t<p>Individuelle naturnahe Pflege f\u00fcr Ihren Garten, von Schnittarbeiten bis zu baumpflegerischen Massnahmen.<\/p>\n<h3>\n\tUmgestaltung\n\t<\/h3>\n\t<p>Nutzen Sie unser umfangreiches Wissen zur Optimierung Ihres Aussenraums nach Wunsch.<\/p>\n<h3>\n\tBeratung\n\t<\/h3>\n\t<p>Im Dialog entstehen individuelle Orte voller Leben und Vielfalt.<\/p>\n<h3>\n\tPflegeplan\n\t<\/h3>\n\t<p>Jeder Garten ist einzigartig. Lassen Sie uns die Pflege Ihres Gartens auf Ihre Bed\u00fcrfnisse abstimmen.<\/p>\n<h2>\n\tProjekte\n\t<\/h2>\n\t<div class=\"tiled-gallery type-rectangular tiled-gallery-unresized\" data-original-width=\"1260\" data-carousel-extra='{&quot;blog_id&quot;:1,&quot;permalink&quot;:&quot;http:\\\/\\\/kipos-gartenpflege.ch\\\/de\\\/&quot;,&quot;likes_blog_id&quot;:231062857}' itemscope itemtype=\"http:\/\/schema.org\/ImageGallery\" > <div class=\"gallery-row\" style=\"width: 1260px; height: 256px;\" data-original-width=\"1260\" data-original-height=\"256\" > <div class=\"gallery-group images-1\" style=\"width: 193px; height: 256px;\" data-original-width=\"193\" data-original-height=\"256\" > <div class=\"tiled-gallery-item tiled-gallery-item-small\" itemprop=\"associatedMedia\" itemscope itemtype=\"http:\/\/schema.org\/ImageObject\"> <meta itemprop=\"width\" content=\"189\"> <meta itemprop=\"height\" content=\"252\"> <img loading=\"lazy\" decoding=\"async\" data-attachment-id=\"987979\" data-orig-file=\"http:\/\/kipos-gartenpflege.ch\/wp-content\/uploads\/2026\/02\/1.-Privatgarten-Region-Zurich.webp\" data-orig-size=\"1920,2560\" data-comments-opened=\"\" data-image-meta=\"{&quot;aperture&quot;:&quot;0&quot;,&quot;credit&quot;:&quot;&quot;,&quot;camera&quot;:&quot;&quot;,&quot;caption&quot;:&quot;&quot;,&quot;created_timestamp&quot;:&quot;0&quot;,&quot;copyright&quot;:&quot;&quot;,&quot;focal_length&quot;:&quot;0&quot;,&quot;iso&quot;:&quot;0&quot;,&quot;shutter_speed&quot;:&quot;0&quot;,&quot;title&quot;:&quot;&quot;,&quot;orientation&quot;:&quot;0&quot;}\" data-image-title=\"1. Privatgarten &#8211; Region Zu\u0308rich\" data-image-description=\"\" data-medium-file=\"http:\/\/kipos-gartenpflege.ch\/wp-content\/uploads\/2026\/02\/1.-Privatgarten-Region-Zurich-225x300.webp\" data-large-file=\"http:\/\/kipos-gartenpflege.ch\/wp-content\/uploads\/2026\/02\/1.-Privatgarten-Region-Zurich-768x1024.webp\" src=\"https:\/\/i0.wp.com\/kipos-gartenpflege.ch\/wp-content\/uploads\/2026\/02\/1.-Privatgarten-Region-Zurich.webp?w=189&#038;h=252\" width=\"189\" height=\"252\" data-original-width=\"189\" data-original-height=\"252\" itemprop=\"http:\/\/schema.org\/image\" title=\"1. Privatgarten - Region Zu\u0308rich\" alt=\"1. Privatgarten - Region Zu\u0308rich\" style=\"width: 189px; height: 252px;\" \/> <\/div> <\/div> <!-- close group --> <div class=\"gallery-group images-1\" style=\"width: 341px; height: 256px;\" data-original-width=\"341\" data-original-height=\"256\" > <div class=\"tiled-gallery-item tiled-gallery-item-large\" itemprop=\"associatedMedia\" itemscope itemtype=\"http:\/\/schema.org\/ImageObject\"> <meta itemprop=\"width\" content=\"337\"> <meta itemprop=\"height\" content=\"252\"> <img loading=\"lazy\" decoding=\"async\" data-attachment-id=\"987980\" data-orig-file=\"http:\/\/kipos-gartenpflege.ch\/wp-content\/uploads\/2026\/02\/2.-Privatgarten-Region-Zurich.webp\" data-orig-size=\"1920,1440\" data-comments-opened=\"\" data-image-meta=\"{&quot;aperture&quot;:&quot;0&quot;,&quot;credit&quot;:&quot;&quot;,&quot;camera&quot;:&quot;&quot;,&quot;caption&quot;:&quot;&quot;,&quot;created_timestamp&quot;:&quot;0&quot;,&quot;copyright&quot;:&quot;&quot;,&quot;focal_length&quot;:&quot;0&quot;,&quot;iso&quot;:&quot;0&quot;,&quot;shutter_speed&quot;:&quot;0&quot;,&quot;title&quot;:&quot;&quot;,&quot;orientation&quot;:&quot;0&quot;}\" data-image-title=\"2. Privatgarten &#8211; Region Zu\u0308rich\" data-image-description=\"\" data-medium-file=\"http:\/\/kipos-gartenpflege.ch\/wp-content\/uploads\/2026\/02\/2.-Privatgarten-Region-Zurich-300x225.webp\" data-large-file=\"http:\/\/kipos-gartenpflege.ch\/wp-content\/uploads\/2026\/02\/2.-Privatgarten-Region-Zurich-1024x768.webp\" src=\"https:\/\/i0.wp.com\/kipos-gartenpflege.ch\/wp-content\/uploads\/2026\/02\/2.-Privatgarten-Region-Zurich.webp?w=337&#038;h=252\" width=\"337\" height=\"252\" data-original-width=\"337\" data-original-height=\"252\" itemprop=\"http:\/\/schema.org\/image\" title=\"2. Privatgarten - Region Zu\u0308rich\" alt=\"2. Privatgarten - Region Zu\u0308rich\" style=\"width: 337px; height: 252px;\" \/> <\/div> <\/div> <!-- close group --> <div class=\"gallery-group images-1\" style=\"width: 193px; height: 256px;\" data-original-width=\"193\" data-original-height=\"256\" > <div class=\"tiled-gallery-item tiled-gallery-item-small\" itemprop=\"associatedMedia\" itemscope itemtype=\"http:\/\/schema.org\/ImageObject\"> <meta itemprop=\"width\" content=\"189\"> <meta itemprop=\"height\" content=\"252\"> <img loading=\"lazy\" decoding=\"async\" data-attachment-id=\"987981\" data-orig-file=\"http:\/\/kipos-gartenpflege.ch\/wp-content\/uploads\/2026\/02\/3.-Privatgarten-Region-Zurich.webp\" data-orig-size=\"1920,2560\" data-comments-opened=\"\" data-image-meta=\"{&quot;aperture&quot;:&quot;0&quot;,&quot;credit&quot;:&quot;&quot;,&quot;camera&quot;:&quot;&quot;,&quot;caption&quot;:&quot;&quot;,&quot;created_timestamp&quot;:&quot;0&quot;,&quot;copyright&quot;:&quot;&quot;,&quot;focal_length&quot;:&quot;0&quot;,&quot;iso&quot;:&quot;0&quot;,&quot;shutter_speed&quot;:&quot;0&quot;,&quot;title&quot;:&quot;&quot;,&quot;orientation&quot;:&quot;0&quot;}\" data-image-title=\"3. Privatgarten &#8211; Region Zu\u0308rich\" data-image-description=\"\" data-medium-file=\"http:\/\/kipos-gartenpflege.ch\/wp-content\/uploads\/2026\/02\/3.-Privatgarten-Region-Zurich-225x300.webp\" data-large-file=\"http:\/\/kipos-gartenpflege.ch\/wp-content\/uploads\/2026\/02\/3.-Privatgarten-Region-Zurich-768x1024.webp\" src=\"https:\/\/i0.wp.com\/kipos-gartenpflege.ch\/wp-content\/uploads\/2026\/02\/3.-Privatgarten-Region-Zurich.webp?w=189&#038;h=252\" width=\"189\" height=\"252\" data-original-width=\"189\" data-original-height=\"252\" itemprop=\"http:\/\/schema.org\/image\" title=\"3. Privatgarten - Region Zu\u0308rich\" alt=\"3. Privatgarten - Region Zu\u0308rich\" style=\"width: 189px; height: 252px;\" \/> <\/div> <\/div> <!-- close group --> <div class=\"gallery-group images-1\" style=\"width: 193px; height: 256px;\" data-original-width=\"193\" data-original-height=\"256\" > <div class=\"tiled-gallery-item tiled-gallery-item-small\" itemprop=\"associatedMedia\" itemscope itemtype=\"http:\/\/schema.org\/ImageObject\"> <meta itemprop=\"width\" content=\"189\"> <meta itemprop=\"height\" content=\"252\"> <img loading=\"lazy\" decoding=\"async\" data-attachment-id=\"987982\" data-orig-file=\"http:\/\/kipos-gartenpflege.ch\/wp-content\/uploads\/2026\/02\/4.-Privatgarten-Region-Zurich.webp\" data-orig-size=\"1920,2560\" data-comments-opened=\"\" data-image-meta=\"{&quot;aperture&quot;:&quot;0&quot;,&quot;credit&quot;:&quot;&quot;,&quot;camera&quot;:&quot;&quot;,&quot;caption&quot;:&quot;&quot;,&quot;created_timestamp&quot;:&quot;0&quot;,&quot;copyright&quot;:&quot;&quot;,&quot;focal_length&quot;:&quot;0&quot;,&quot;iso&quot;:&quot;0&quot;,&quot;shutter_speed&quot;:&quot;0&quot;,&quot;title&quot;:&quot;&quot;,&quot;orientation&quot;:&quot;0&quot;}\" data-image-title=\"4. Privatgarten &#8211; Region Zu\u0308rich\" data-image-description=\"\" data-medium-file=\"http:\/\/kipos-gartenpflege.ch\/wp-content\/uploads\/2026\/02\/4.-Privatgarten-Region-Zurich-225x300.webp\" data-large-file=\"http:\/\/kipos-gartenpflege.ch\/wp-content\/uploads\/2026\/02\/4.-Privatgarten-Region-Zurich-768x1024.webp\" src=\"https:\/\/i0.wp.com\/kipos-gartenpflege.ch\/wp-content\/uploads\/2026\/02\/4.-Privatgarten-Region-Zurich.webp?w=189&#038;h=252\" width=\"189\" height=\"252\" data-original-width=\"189\" data-original-height=\"252\" itemprop=\"http:\/\/schema.org\/image\" title=\"4. Privatgarten - Region Zu\u0308rich\" alt=\"4. Privatgarten - Region Zu\u0308rich\" style=\"width: 189px; height: 252px;\" \/> <\/div> <\/div> <!-- close group --> <div class=\"gallery-group images-1\" style=\"width: 340px; height: 256px;\" data-original-width=\"340\" data-original-height=\"256\" > <div class=\"tiled-gallery-item tiled-gallery-item-large\" itemprop=\"associatedMedia\" itemscope itemtype=\"http:\/\/schema.org\/ImageObject\"> <meta itemprop=\"width\" content=\"336\"> <meta itemprop=\"height\" content=\"252\"> <img loading=\"lazy\" decoding=\"async\" data-attachment-id=\"987983\" data-orig-file=\"http:\/\/kipos-gartenpflege.ch\/wp-content\/uploads\/2026\/02\/5.-Privatgarten-Zurcher-Oberland.webp\" data-orig-size=\"1920,1440\" data-comments-opened=\"\" data-image-meta=\"{&quot;aperture&quot;:&quot;0&quot;,&quot;credit&quot;:&quot;&quot;,&quot;camera&quot;:&quot;&quot;,&quot;caption&quot;:&quot;&quot;,&quot;created_timestamp&quot;:&quot;0&quot;,&quot;copyright&quot;:&quot;&quot;,&quot;focal_length&quot;:&quot;0&quot;,&quot;iso&quot;:&quot;0&quot;,&quot;shutter_speed&quot;:&quot;0&quot;,&quot;title&quot;:&quot;&quot;,&quot;orientation&quot;:&quot;0&quot;}\" data-image-title=\"5. Privatgarten &#8211; Zu\u0308rcher Oberland\" data-image-description=\"\" data-medium-file=\"http:\/\/kipos-gartenpflege.ch\/wp-content\/uploads\/2026\/02\/5.-Privatgarten-Zurcher-Oberland-300x225.webp\" data-large-file=\"http:\/\/kipos-gartenpflege.ch\/wp-content\/uploads\/2026\/02\/5.-Privatgarten-Zurcher-Oberland-1024x768.webp\" src=\"https:\/\/i0.wp.com\/kipos-gartenpflege.ch\/wp-content\/uploads\/2026\/02\/5.-Privatgarten-Zurcher-Oberland.webp?w=336&#038;h=252\" width=\"336\" height=\"252\" data-original-width=\"336\" data-original-height=\"252\" itemprop=\"http:\/\/schema.org\/image\" title=\"5. Privatgarten - Zu\u0308rcher Oberland\" alt=\"5. Privatgarten - Zu\u0308rcher Oberland\" style=\"width: 336px; height: 252px;\" \/> <\/div> <\/div> <!-- close group --> <\/div> <!-- close row --> <div class=\"gallery-row\" style=\"width: 1260px; height: 612px;\" data-original-width=\"1260\" data-original-height=\"612\" > <div class=\"gallery-group images-1\" style=\"width: 814px; height: 612px;\" data-original-width=\"814\" data-original-height=\"612\" > <div class=\"tiled-gallery-item tiled-gallery-item-large\" itemprop=\"associatedMedia\" itemscope itemtype=\"http:\/\/schema.org\/ImageObject\"> <meta itemprop=\"width\" content=\"810\"> <meta itemprop=\"height\" content=\"608\"> <img loading=\"lazy\" decoding=\"async\" data-attachment-id=\"987984\" data-orig-file=\"http:\/\/kipos-gartenpflege.ch\/wp-content\/uploads\/2026\/02\/6.-Privatgarten-Zurcher-Oberland.webp\" data-orig-size=\"1920,1440\" data-comments-opened=\"\" data-image-meta=\"{&quot;aperture&quot;:&quot;0&quot;,&quot;credit&quot;:&quot;&quot;,&quot;camera&quot;:&quot;&quot;,&quot;caption&quot;:&quot;&quot;,&quot;created_timestamp&quot;:&quot;0&quot;,&quot;copyright&quot;:&quot;&quot;,&quot;focal_length&quot;:&quot;0&quot;,&quot;iso&quot;:&quot;0&quot;,&quot;shutter_speed&quot;:&quot;0&quot;,&quot;title&quot;:&quot;&quot;,&quot;orientation&quot;:&quot;0&quot;}\" data-image-title=\"6. Privatgarten &#8211; Zu\u0308rcher Oberland\" data-image-description=\"\" data-medium-file=\"http:\/\/kipos-gartenpflege.ch\/wp-content\/uploads\/2026\/02\/6.-Privatgarten-Zurcher-Oberland-300x225.webp\" data-large-file=\"http:\/\/kipos-gartenpflege.ch\/wp-content\/uploads\/2026\/02\/6.-Privatgarten-Zurcher-Oberland-1024x768.webp\" src=\"https:\/\/i0.wp.com\/kipos-gartenpflege.ch\/wp-content\/uploads\/2026\/02\/6.-Privatgarten-Zurcher-Oberland.webp?w=810&#038;h=608\" width=\"810\" height=\"608\" data-original-width=\"810\" data-original-height=\"608\" itemprop=\"http:\/\/schema.org\/image\" title=\"6. Privatgarten - Zu\u0308rcher Oberland\" alt=\"6. Privatgarten - Zu\u0308rcher Oberland\" style=\"width: 810px; height: 608px;\" \/> <\/div> <\/div> <!-- close group --> <div class=\"gallery-group images-2\" style=\"width: 446px; height: 612px;\" data-original-width=\"446\" data-original-height=\"612\" > <div class=\"tiled-gallery-item tiled-gallery-item-large\" itemprop=\"associatedMedia\" itemscope itemtype=\"http:\/\/schema.org\/ImageObject\"> <meta itemprop=\"width\" content=\"442\"> <meta itemprop=\"height\" content=\"332\"> <img loading=\"lazy\" decoding=\"async\" data-attachment-id=\"987985\" data-orig-file=\"http:\/\/kipos-gartenpflege.ch\/wp-content\/uploads\/2026\/02\/7.-Privatgarten-Zurcher-Oberland.webp\" data-orig-size=\"1920,1440\" data-comments-opened=\"\" data-image-meta=\"{&quot;aperture&quot;:&quot;0&quot;,&quot;credit&quot;:&quot;&quot;,&quot;camera&quot;:&quot;&quot;,&quot;caption&quot;:&quot;&quot;,&quot;created_timestamp&quot;:&quot;0&quot;,&quot;copyright&quot;:&quot;&quot;,&quot;focal_length&quot;:&quot;0&quot;,&quot;iso&quot;:&quot;0&quot;,&quot;shutter_speed&quot;:&quot;0&quot;,&quot;title&quot;:&quot;&quot;,&quot;orientation&quot;:&quot;0&quot;}\" data-image-title=\"7. Privatgarten &#8211; Zu\u0308rcher Oberland\" data-image-description=\"\" data-medium-file=\"http:\/\/kipos-gartenpflege.ch\/wp-content\/uploads\/2026\/02\/7.-Privatgarten-Zurcher-Oberland-300x225.webp\" data-large-file=\"http:\/\/kipos-gartenpflege.ch\/wp-content\/uploads\/2026\/02\/7.-Privatgarten-Zurcher-Oberland-1024x768.webp\" src=\"https:\/\/i0.wp.com\/kipos-gartenpflege.ch\/wp-content\/uploads\/2026\/02\/7.-Privatgarten-Zurcher-Oberland.webp?w=442&#038;h=332\" width=\"442\" height=\"332\" data-original-width=\"442\" data-original-height=\"332\" itemprop=\"http:\/\/schema.org\/image\" title=\"7. Privatgarten - Zu\u0308rcher Oberland\" alt=\"7. Privatgarten - Zu\u0308rcher Oberland\" style=\"width: 442px; height: 332px;\" \/> <\/div> <div class=\"tiled-gallery-item tiled-gallery-item-large\" itemprop=\"associatedMedia\" itemscope itemtype=\"http:\/\/schema.org\/ImageObject\"> <meta itemprop=\"width\" content=\"442\"> <meta itemprop=\"height\" content=\"272\"> <img loading=\"lazy\" decoding=\"async\" data-attachment-id=\"987986\" data-orig-file=\"http:\/\/kipos-gartenpflege.ch\/wp-content\/uploads\/2026\/02\/8.-Privatgarten-Region-Ostschweiz.webp\" data-orig-size=\"1920,1183\" data-comments-opened=\"\" data-image-meta=\"{&quot;aperture&quot;:&quot;0&quot;,&quot;credit&quot;:&quot;&quot;,&quot;camera&quot;:&quot;&quot;,&quot;caption&quot;:&quot;&quot;,&quot;created_timestamp&quot;:&quot;0&quot;,&quot;copyright&quot;:&quot;&quot;,&quot;focal_length&quot;:&quot;0&quot;,&quot;iso&quot;:&quot;0&quot;,&quot;shutter_speed&quot;:&quot;0&quot;,&quot;title&quot;:&quot;&quot;,&quot;orientation&quot;:&quot;0&quot;}\" data-image-title=\"8. Privatgarten &#8211; Region Ostschweiz\" data-image-description=\"\" data-medium-file=\"http:\/\/kipos-gartenpflege.ch\/wp-content\/uploads\/2026\/02\/8.-Privatgarten-Region-Ostschweiz-300x185.webp\" data-large-file=\"http:\/\/kipos-gartenpflege.ch\/wp-content\/uploads\/2026\/02\/8.-Privatgarten-Region-Ostschweiz-1024x631.webp\" src=\"https:\/\/i0.wp.com\/kipos-gartenpflege.ch\/wp-content\/uploads\/2026\/02\/8.-Privatgarten-Region-Ostschweiz.webp?w=442&#038;h=272\" width=\"442\" height=\"272\" data-original-width=\"442\" data-original-height=\"272\" itemprop=\"http:\/\/schema.org\/image\" title=\"8. Privatgarten - Region Ostschweiz\" alt=\"8. Privatgarten - Region Ostschweiz\" style=\"width: 442px; height: 272px;\" \/> <\/div> <\/div> <!-- close group --> <\/div> <!-- close row --> <div class=\"gallery-row\" style=\"width: 1260px; height: 763px;\" data-original-width=\"1260\" data-original-height=\"763\" > <div class=\"gallery-group images-3\" style=\"width: 338px; height: 763px;\" data-original-width=\"338\" data-original-height=\"763\" > <div class=\"tiled-gallery-item tiled-gallery-item-large\" itemprop=\"associatedMedia\" itemscope itemtype=\"http:\/\/schema.org\/ImageObject\"> <meta itemprop=\"width\" content=\"334\"> <meta itemprop=\"height\" content=\"251\"> <img loading=\"lazy\" decoding=\"async\" data-attachment-id=\"987987\" data-orig-file=\"http:\/\/kipos-gartenpflege.ch\/wp-content\/uploads\/2026\/02\/9.-Privatgarten-Region-Zurichsee.webp\" data-orig-size=\"1920,1440\" data-comments-opened=\"\" data-image-meta=\"{&quot;aperture&quot;:&quot;0&quot;,&quot;credit&quot;:&quot;&quot;,&quot;camera&quot;:&quot;&quot;,&quot;caption&quot;:&quot;&quot;,&quot;created_timestamp&quot;:&quot;0&quot;,&quot;copyright&quot;:&quot;&quot;,&quot;focal_length&quot;:&quot;0&quot;,&quot;iso&quot;:&quot;0&quot;,&quot;shutter_speed&quot;:&quot;0&quot;,&quot;title&quot;:&quot;&quot;,&quot;orientation&quot;:&quot;0&quot;}\" data-image-title=\"9. Privatgarten &#8211; Region Zu\u0308richsee\" data-image-description=\"\" data-medium-file=\"http:\/\/kipos-gartenpflege.ch\/wp-content\/uploads\/2026\/02\/9.-Privatgarten-Region-Zurichsee-300x225.webp\" data-large-file=\"http:\/\/kipos-gartenpflege.ch\/wp-content\/uploads\/2026\/02\/9.-Privatgarten-Region-Zurichsee-1024x768.webp\" src=\"https:\/\/i0.wp.com\/kipos-gartenpflege.ch\/wp-content\/uploads\/2026\/02\/9.-Privatgarten-Region-Zurichsee.webp?w=334&#038;h=251\" width=\"334\" height=\"251\" data-original-width=\"334\" data-original-height=\"251\" itemprop=\"http:\/\/schema.org\/image\" title=\"9. Privatgarten - Region Zu\u0308richsee\" alt=\"9. Privatgarten - Region Zu\u0308richsee\" style=\"width: 334px; height: 251px;\" \/> <\/div> <div class=\"tiled-gallery-item tiled-gallery-item-large\" itemprop=\"associatedMedia\" itemscope itemtype=\"http:\/\/schema.org\/ImageObject\"> <meta itemprop=\"width\" content=\"334\"> <meta itemprop=\"height\" content=\"250\"> <img loading=\"lazy\" decoding=\"async\" data-attachment-id=\"987988\" data-orig-file=\"http:\/\/kipos-gartenpflege.ch\/wp-content\/uploads\/2026\/02\/10.-Privatgarten-Region-Zurichsee.webp\" data-orig-size=\"1920,1440\" data-comments-opened=\"\" data-image-meta=\"{&quot;aperture&quot;:&quot;0&quot;,&quot;credit&quot;:&quot;&quot;,&quot;camera&quot;:&quot;&quot;,&quot;caption&quot;:&quot;&quot;,&quot;created_timestamp&quot;:&quot;0&quot;,&quot;copyright&quot;:&quot;&quot;,&quot;focal_length&quot;:&quot;0&quot;,&quot;iso&quot;:&quot;0&quot;,&quot;shutter_speed&quot;:&quot;0&quot;,&quot;title&quot;:&quot;&quot;,&quot;orientation&quot;:&quot;0&quot;}\" data-image-title=\"10. Privatgarten &#8211; Region Zu\u0308richsee\" data-image-description=\"\" data-medium-file=\"http:\/\/kipos-gartenpflege.ch\/wp-content\/uploads\/2026\/02\/10.-Privatgarten-Region-Zurichsee-300x225.webp\" data-large-file=\"http:\/\/kipos-gartenpflege.ch\/wp-content\/uploads\/2026\/02\/10.-Privatgarten-Region-Zurichsee-1024x768.webp\" src=\"https:\/\/i0.wp.com\/kipos-gartenpflege.ch\/wp-content\/uploads\/2026\/02\/10.-Privatgarten-Region-Zurichsee.webp?w=334&#038;h=250\" width=\"334\" height=\"250\" data-original-width=\"334\" data-original-height=\"250\" itemprop=\"http:\/\/schema.org\/image\" title=\"10. Privatgarten - Region Zu\u0308richsee\" alt=\"10. Privatgarten - Region Zu\u0308richsee\" style=\"width: 334px; height: 250px;\" \/> <\/div> <div class=\"tiled-gallery-item tiled-gallery-item-large\" itemprop=\"associatedMedia\" itemscope itemtype=\"http:\/\/schema.org\/ImageObject\"> <meta itemprop=\"width\" content=\"334\"> <meta itemprop=\"height\" content=\"250\"> <img loading=\"lazy\" decoding=\"async\" data-attachment-id=\"987989\" data-orig-file=\"http:\/\/kipos-gartenpflege.ch\/wp-content\/uploads\/2026\/02\/11.-Privatgarten-Region-Zurichsee.webp\" data-orig-size=\"1920,1440\" data-comments-opened=\"\" data-image-meta=\"{&quot;aperture&quot;:&quot;0&quot;,&quot;credit&quot;:&quot;&quot;,&quot;camera&quot;:&quot;&quot;,&quot;caption&quot;:&quot;&quot;,&quot;created_timestamp&quot;:&quot;0&quot;,&quot;copyright&quot;:&quot;&quot;,&quot;focal_length&quot;:&quot;0&quot;,&quot;iso&quot;:&quot;0&quot;,&quot;shutter_speed&quot;:&quot;0&quot;,&quot;title&quot;:&quot;&quot;,&quot;orientation&quot;:&quot;0&quot;}\" data-image-title=\"11. Privatgarten &#8211; Region Zu\u0308richsee\" data-image-description=\"\" data-medium-file=\"http:\/\/kipos-gartenpflege.ch\/wp-content\/uploads\/2026\/02\/11.-Privatgarten-Region-Zurichsee-300x225.webp\" data-large-file=\"http:\/\/kipos-gartenpflege.ch\/wp-content\/uploads\/2026\/02\/11.-Privatgarten-Region-Zurichsee-1024x768.webp\" src=\"https:\/\/i0.wp.com\/kipos-gartenpflege.ch\/wp-content\/uploads\/2026\/02\/11.-Privatgarten-Region-Zurichsee.webp?w=334&#038;h=250\" width=\"334\" height=\"250\" data-original-width=\"334\" data-original-height=\"250\" itemprop=\"http:\/\/schema.org\/image\" title=\"11. Privatgarten - Region Zu\u0308richsee\" alt=\"11. Privatgarten - Region Zu\u0308richsee\" style=\"width: 334px; height: 250px;\" \/> <\/div> <\/div> <!-- close group --> <div class=\"gallery-group images-1\" style=\"width: 573px; height: 763px;\" data-original-width=\"573\" data-original-height=\"763\" > <div class=\"tiled-gallery-item tiled-gallery-item-large\" itemprop=\"associatedMedia\" itemscope itemtype=\"http:\/\/schema.org\/ImageObject\"> <meta itemprop=\"width\" content=\"569\"> <meta itemprop=\"height\" content=\"759\"> <img loading=\"lazy\" decoding=\"async\" data-attachment-id=\"987990\" data-orig-file=\"http:\/\/kipos-gartenpflege.ch\/wp-content\/uploads\/2026\/02\/12.-Privatgarten-Region-Zurichsee.webp\" data-orig-size=\"1920,2560\" data-comments-opened=\"\" data-image-meta=\"{&quot;aperture&quot;:&quot;0&quot;,&quot;credit&quot;:&quot;&quot;,&quot;camera&quot;:&quot;&quot;,&quot;caption&quot;:&quot;&quot;,&quot;created_timestamp&quot;:&quot;0&quot;,&quot;copyright&quot;:&quot;&quot;,&quot;focal_length&quot;:&quot;0&quot;,&quot;iso&quot;:&quot;0&quot;,&quot;shutter_speed&quot;:&quot;0&quot;,&quot;title&quot;:&quot;&quot;,&quot;orientation&quot;:&quot;0&quot;}\" data-image-title=\"12. Privatgarten &#8211; Region Zu\u0308richsee\" data-image-description=\"\" data-medium-file=\"http:\/\/kipos-gartenpflege.ch\/wp-content\/uploads\/2026\/02\/12.-Privatgarten-Region-Zurichsee-225x300.webp\" data-large-file=\"http:\/\/kipos-gartenpflege.ch\/wp-content\/uploads\/2026\/02\/12.-Privatgarten-Region-Zurichsee-768x1024.webp\" src=\"https:\/\/i0.wp.com\/kipos-gartenpflege.ch\/wp-content\/uploads\/2026\/02\/12.-Privatgarten-Region-Zurichsee.webp?w=569&#038;h=759\" width=\"569\" height=\"759\" data-original-width=\"569\" data-original-height=\"759\" itemprop=\"http:\/\/schema.org\/image\" title=\"12. Privatgarten - Region Zu\u0308richsee\" alt=\"12. Privatgarten - Region Zu\u0308richsee\" style=\"width: 569px; height: 759px;\" \/> <\/div> <\/div> <!-- close group --> <div class=\"gallery-group images-3\" style=\"width: 349px; height: 763px;\" data-original-width=\"349\" data-original-height=\"763\" > <div class=\"tiled-gallery-item tiled-gallery-item-large\" itemprop=\"associatedMedia\" itemscope itemtype=\"http:\/\/schema.org\/ImageObject\"> <meta itemprop=\"width\" content=\"345\"> <meta itemprop=\"height\" content=\"259\"> <img loading=\"lazy\" decoding=\"async\" data-attachment-id=\"987991\" data-orig-file=\"http:\/\/kipos-gartenpflege.ch\/wp-content\/uploads\/2026\/02\/13.-Privatgarten-Region-Zurichsee.webp\" data-orig-size=\"1920,1440\" data-comments-opened=\"\" data-image-meta=\"{&quot;aperture&quot;:&quot;0&quot;,&quot;credit&quot;:&quot;&quot;,&quot;camera&quot;:&quot;&quot;,&quot;caption&quot;:&quot;&quot;,&quot;created_timestamp&quot;:&quot;0&quot;,&quot;copyright&quot;:&quot;&quot;,&quot;focal_length&quot;:&quot;0&quot;,&quot;iso&quot;:&quot;0&quot;,&quot;shutter_speed&quot;:&quot;0&quot;,&quot;title&quot;:&quot;&quot;,&quot;orientation&quot;:&quot;0&quot;}\" data-image-title=\"13. Privatgarten &#8211; Region Zu\u0308richsee\" data-image-description=\"\" data-medium-file=\"http:\/\/kipos-gartenpflege.ch\/wp-content\/uploads\/2026\/02\/13.-Privatgarten-Region-Zurichsee-300x225.webp\" data-large-file=\"http:\/\/kipos-gartenpflege.ch\/wp-content\/uploads\/2026\/02\/13.-Privatgarten-Region-Zurichsee-1024x768.webp\" src=\"https:\/\/i0.wp.com\/kipos-gartenpflege.ch\/wp-content\/uploads\/2026\/02\/13.-Privatgarten-Region-Zurichsee.webp?w=345&#038;h=259\" width=\"345\" height=\"259\" data-original-width=\"345\" data-original-height=\"259\" itemprop=\"http:\/\/schema.org\/image\" title=\"13. Privatgarten - Region Zu\u0308richsee\" alt=\"13. Privatgarten - Region Zu\u0308richsee\" style=\"width: 345px; height: 259px;\" \/> <\/div> <div class=\"tiled-gallery-item tiled-gallery-item-large\" itemprop=\"associatedMedia\" itemscope itemtype=\"http:\/\/schema.org\/ImageObject\"> <meta itemprop=\"width\" content=\"345\"> <meta itemprop=\"height\" content=\"233\"> <img loading=\"lazy\" decoding=\"async\" data-attachment-id=\"987992\" data-orig-file=\"http:\/\/kipos-gartenpflege.ch\/wp-content\/uploads\/2026\/02\/14.-Privatgarten-Region-Zurichsee.webp\" data-orig-size=\"1920,1300\" data-comments-opened=\"\" data-image-meta=\"{&quot;aperture&quot;:&quot;0&quot;,&quot;credit&quot;:&quot;&quot;,&quot;camera&quot;:&quot;&quot;,&quot;caption&quot;:&quot;&quot;,&quot;created_timestamp&quot;:&quot;0&quot;,&quot;copyright&quot;:&quot;&quot;,&quot;focal_length&quot;:&quot;0&quot;,&quot;iso&quot;:&quot;0&quot;,&quot;shutter_speed&quot;:&quot;0&quot;,&quot;title&quot;:&quot;&quot;,&quot;orientation&quot;:&quot;0&quot;}\" data-image-title=\"14. Privatgarten &#8211; Region Zu\u0308richsee\" data-image-description=\"\" data-medium-file=\"http:\/\/kipos-gartenpflege.ch\/wp-content\/uploads\/2026\/02\/14.-Privatgarten-Region-Zurichsee-300x203.webp\" data-large-file=\"http:\/\/kipos-gartenpflege.ch\/wp-content\/uploads\/2026\/02\/14.-Privatgarten-Region-Zurichsee-1024x693.webp\" src=\"https:\/\/i0.wp.com\/kipos-gartenpflege.ch\/wp-content\/uploads\/2026\/02\/14.-Privatgarten-Region-Zurichsee.webp?w=345&#038;h=233\" width=\"345\" height=\"233\" data-original-width=\"345\" data-original-height=\"233\" itemprop=\"http:\/\/schema.org\/image\" title=\"14. Privatgarten - Region Zu\u0308richsee\" alt=\"14. Privatgarten - Region Zu\u0308richsee\" style=\"width: 345px; height: 233px;\" \/> <\/div> <div class=\"tiled-gallery-item tiled-gallery-item-large\" itemprop=\"associatedMedia\" itemscope itemtype=\"http:\/\/schema.org\/ImageObject\"> <meta itemprop=\"width\" content=\"345\"> <meta itemprop=\"height\" content=\"259\"> <img loading=\"lazy\" decoding=\"async\" data-attachment-id=\"987993\" data-orig-file=\"http:\/\/kipos-gartenpflege.ch\/wp-content\/uploads\/2026\/02\/15.-Privatgarten-Region-Zurichsee.webp\" data-orig-size=\"1920,1440\" data-comments-opened=\"\" data-image-meta=\"{&quot;aperture&quot;:&quot;0&quot;,&quot;credit&quot;:&quot;&quot;,&quot;camera&quot;:&quot;&quot;,&quot;caption&quot;:&quot;&quot;,&quot;created_timestamp&quot;:&quot;0&quot;,&quot;copyright&quot;:&quot;&quot;,&quot;focal_length&quot;:&quot;0&quot;,&quot;iso&quot;:&quot;0&quot;,&quot;shutter_speed&quot;:&quot;0&quot;,&quot;title&quot;:&quot;&quot;,&quot;orientation&quot;:&quot;0&quot;}\" data-image-title=\"15. Privatgarten &#8211; Region Zu\u0308richsee\" data-image-description=\"\" data-medium-file=\"http:\/\/kipos-gartenpflege.ch\/wp-content\/uploads\/2026\/02\/15.-Privatgarten-Region-Zurichsee-300x225.webp\" data-large-file=\"http:\/\/kipos-gartenpflege.ch\/wp-content\/uploads\/2026\/02\/15.-Privatgarten-Region-Zurichsee-1024x768.webp\" src=\"https:\/\/i0.wp.com\/kipos-gartenpflege.ch\/wp-content\/uploads\/2026\/02\/15.-Privatgarten-Region-Zurichsee.webp?w=345&#038;h=259\" width=\"345\" height=\"259\" data-original-width=\"345\" data-original-height=\"259\" itemprop=\"http:\/\/schema.org\/image\" title=\"15. Privatgarten - Region Zu\u0308richsee\" alt=\"15. Privatgarten - Region Zu\u0308richsee\" style=\"width: 345px; height: 259px;\" \/> <\/div> <\/div> <!-- close group --> <\/div> <!-- close row --> <div class=\"gallery-row\" style=\"width: 1260px; height: 300px;\" data-original-width=\"1260\" data-original-height=\"300\" > <div class=\"gallery-group images-1\" style=\"width: 533px; height: 300px;\" data-original-width=\"533\" data-original-height=\"300\" > <div class=\"tiled-gallery-item tiled-gallery-item-large\" itemprop=\"associatedMedia\" itemscope itemtype=\"http:\/\/schema.org\/ImageObject\"> <meta itemprop=\"width\" content=\"529\"> <meta itemprop=\"height\" content=\"296\"> <img loading=\"lazy\" decoding=\"async\" data-attachment-id=\"987994\" data-orig-file=\"http:\/\/kipos-gartenpflege.ch\/wp-content\/uploads\/2026\/02\/16.-Privatgarten-Region-Zurichsee.webp\" data-orig-size=\"1920,1074\" data-comments-opened=\"\" data-image-meta=\"{&quot;aperture&quot;:&quot;0&quot;,&quot;credit&quot;:&quot;&quot;,&quot;camera&quot;:&quot;&quot;,&quot;caption&quot;:&quot;&quot;,&quot;created_timestamp&quot;:&quot;0&quot;,&quot;copyright&quot;:&quot;&quot;,&quot;focal_length&quot;:&quot;0&quot;,&quot;iso&quot;:&quot;0&quot;,&quot;shutter_speed&quot;:&quot;0&quot;,&quot;title&quot;:&quot;&quot;,&quot;orientation&quot;:&quot;0&quot;}\" data-image-title=\"16. Privatgarten &#8211; Region Zu\u0308richsee\" data-image-description=\"\" data-medium-file=\"http:\/\/kipos-gartenpflege.ch\/wp-content\/uploads\/2026\/02\/16.-Privatgarten-Region-Zurichsee-300x168.webp\" data-large-file=\"http:\/\/kipos-gartenpflege.ch\/wp-content\/uploads\/2026\/02\/16.-Privatgarten-Region-Zurichsee-1024x573.webp\" src=\"https:\/\/i0.wp.com\/kipos-gartenpflege.ch\/wp-content\/uploads\/2026\/02\/16.-Privatgarten-Region-Zurichsee.webp?w=529&#038;h=296\" width=\"529\" height=\"296\" data-original-width=\"529\" data-original-height=\"296\" itemprop=\"http:\/\/schema.org\/image\" title=\"16. Privatgarten - Region Zu\u0308richsee\" alt=\"16. Privatgarten - Region Zu\u0308richsee\" style=\"width: 529px; height: 296px;\" \/> <\/div> <\/div> <!-- close group --> <div class=\"gallery-group images-1\" style=\"width: 329px; height: 300px;\" data-original-width=\"329\" data-original-height=\"300\" > <div class=\"tiled-gallery-item tiled-gallery-item-large\" itemprop=\"associatedMedia\" itemscope itemtype=\"http:\/\/schema.org\/ImageObject\"> <meta itemprop=\"width\" content=\"325\"> <meta itemprop=\"height\" content=\"296\"> <img loading=\"lazy\" decoding=\"async\" data-attachment-id=\"987995\" data-orig-file=\"http:\/\/kipos-gartenpflege.ch\/wp-content\/uploads\/2026\/02\/17.-Privatgarten-Region-Zurichsee.webp\" data-orig-size=\"1920,1747\" data-comments-opened=\"\" data-image-meta=\"{&quot;aperture&quot;:&quot;0&quot;,&quot;credit&quot;:&quot;&quot;,&quot;camera&quot;:&quot;&quot;,&quot;caption&quot;:&quot;&quot;,&quot;created_timestamp&quot;:&quot;0&quot;,&quot;copyright&quot;:&quot;&quot;,&quot;focal_length&quot;:&quot;0&quot;,&quot;iso&quot;:&quot;0&quot;,&quot;shutter_speed&quot;:&quot;0&quot;,&quot;title&quot;:&quot;&quot;,&quot;orientation&quot;:&quot;0&quot;}\" data-image-title=\"17. Privatgarten &#8211; Region Zu\u0308richsee\" data-image-description=\"\" data-medium-file=\"http:\/\/kipos-gartenpflege.ch\/wp-content\/uploads\/2026\/02\/17.-Privatgarten-Region-Zurichsee-300x273.webp\" data-large-file=\"http:\/\/kipos-gartenpflege.ch\/wp-content\/uploads\/2026\/02\/17.-Privatgarten-Region-Zurichsee-1024x932.webp\" src=\"https:\/\/i0.wp.com\/kipos-gartenpflege.ch\/wp-content\/uploads\/2026\/02\/17.-Privatgarten-Region-Zurichsee.webp?w=325&#038;h=296\" width=\"325\" height=\"296\" data-original-width=\"325\" data-original-height=\"296\" itemprop=\"http:\/\/schema.org\/image\" title=\"17. Privatgarten - Region Zu\u0308richsee\" alt=\"17. Privatgarten - Region Zu\u0308richsee\" style=\"width: 325px; height: 296px;\" \/> <\/div> <\/div> <!-- close group --> <div class=\"gallery-group images-1\" style=\"width: 398px; height: 300px;\" data-original-width=\"398\" data-original-height=\"300\" > <div class=\"tiled-gallery-item tiled-gallery-item-large\" itemprop=\"associatedMedia\" itemscope itemtype=\"http:\/\/schema.org\/ImageObject\"> <meta itemprop=\"width\" content=\"394\"> <meta itemprop=\"height\" content=\"296\"> <img loading=\"lazy\" decoding=\"async\" data-attachment-id=\"987996\" data-orig-file=\"http:\/\/kipos-gartenpflege.ch\/wp-content\/uploads\/2026\/02\/18.-Privatgarten-Region-Zurich.webp\" data-orig-size=\"1920,1440\" data-comments-opened=\"\" data-image-meta=\"{&quot;aperture&quot;:&quot;0&quot;,&quot;credit&quot;:&quot;&quot;,&quot;camera&quot;:&quot;&quot;,&quot;caption&quot;:&quot;&quot;,&quot;created_timestamp&quot;:&quot;0&quot;,&quot;copyright&quot;:&quot;&quot;,&quot;focal_length&quot;:&quot;0&quot;,&quot;iso&quot;:&quot;0&quot;,&quot;shutter_speed&quot;:&quot;0&quot;,&quot;title&quot;:&quot;&quot;,&quot;orientation&quot;:&quot;0&quot;}\" data-image-title=\"18. Privatgarten &#8211; Region Zu\u0308rich\" data-image-description=\"\" data-medium-file=\"http:\/\/kipos-gartenpflege.ch\/wp-content\/uploads\/2026\/02\/18.-Privatgarten-Region-Zurich-300x225.webp\" data-large-file=\"http:\/\/kipos-gartenpflege.ch\/wp-content\/uploads\/2026\/02\/18.-Privatgarten-Region-Zurich-1024x768.webp\" src=\"https:\/\/i0.wp.com\/kipos-gartenpflege.ch\/wp-content\/uploads\/2026\/02\/18.-Privatgarten-Region-Zurich.webp?w=394&#038;h=296\" width=\"394\" height=\"296\" data-original-width=\"394\" data-original-height=\"296\" itemprop=\"http:\/\/schema.org\/image\" title=\"18. Privatgarten - Region Zu\u0308rich\" alt=\"18. Privatgarten - Region Zu\u0308rich\" style=\"width: 394px; height: 296px;\" \/> <\/div> <\/div> <!-- close group --> <\/div> <!-- close row --> <div class=\"gallery-row\" style=\"width: 1260px; height: 631px;\" data-original-width=\"1260\" data-original-height=\"631\" > <div class=\"gallery-group images-2\" style=\"width: 420px; height: 631px;\" data-original-width=\"420\" data-original-height=\"631\" > <div class=\"tiled-gallery-item tiled-gallery-item-large\" itemprop=\"associatedMedia\" itemscope itemtype=\"http:\/\/schema.org\/ImageObject\"> <meta itemprop=\"width\" content=\"416\"> <meta itemprop=\"height\" content=\"312\"> <img loading=\"lazy\" decoding=\"async\" data-attachment-id=\"987997\" data-orig-file=\"http:\/\/kipos-gartenpflege.ch\/wp-content\/uploads\/2026\/02\/19.-Privatgarten-Region-Wintherthur.webp\" data-orig-size=\"1920,1440\" data-comments-opened=\"\" data-image-meta=\"{&quot;aperture&quot;:&quot;0&quot;,&quot;credit&quot;:&quot;&quot;,&quot;camera&quot;:&quot;&quot;,&quot;caption&quot;:&quot;&quot;,&quot;created_timestamp&quot;:&quot;0&quot;,&quot;copyright&quot;:&quot;&quot;,&quot;focal_length&quot;:&quot;0&quot;,&quot;iso&quot;:&quot;0&quot;,&quot;shutter_speed&quot;:&quot;0&quot;,&quot;title&quot;:&quot;&quot;,&quot;orientation&quot;:&quot;0&quot;}\" data-image-title=\"19. Privatgarten &#8211; Region Wintherthur\" data-image-description=\"\" data-medium-file=\"http:\/\/kipos-gartenpflege.ch\/wp-content\/uploads\/2026\/02\/19.-Privatgarten-Region-Wintherthur-300x225.webp\" data-large-file=\"http:\/\/kipos-gartenpflege.ch\/wp-content\/uploads\/2026\/02\/19.-Privatgarten-Region-Wintherthur-1024x768.webp\" src=\"https:\/\/i0.wp.com\/kipos-gartenpflege.ch\/wp-content\/uploads\/2026\/02\/19.-Privatgarten-Region-Wintherthur.webp?w=416&#038;h=312\" width=\"416\" height=\"312\" data-original-width=\"416\" data-original-height=\"312\" itemprop=\"http:\/\/schema.org\/image\" title=\"19. Privatgarten - Region Wintherthur\" alt=\"19. Privatgarten - Region Wintherthur\" style=\"width: 416px; height: 312px;\" \/> <\/div> <div class=\"tiled-gallery-item tiled-gallery-item-large\" itemprop=\"associatedMedia\" itemscope itemtype=\"http:\/\/schema.org\/ImageObject\"> <meta itemprop=\"width\" content=\"416\"> <meta itemprop=\"height\" content=\"311\"> <img loading=\"lazy\" decoding=\"async\" data-attachment-id=\"987998\" data-orig-file=\"http:\/\/kipos-gartenpflege.ch\/wp-content\/uploads\/2026\/02\/20.-Terrasse-Region-Zurich.webp\" data-orig-size=\"1920,1440\" data-comments-opened=\"\" data-image-meta=\"{&quot;aperture&quot;:&quot;0&quot;,&quot;credit&quot;:&quot;&quot;,&quot;camera&quot;:&quot;&quot;,&quot;caption&quot;:&quot;&quot;,&quot;created_timestamp&quot;:&quot;0&quot;,&quot;copyright&quot;:&quot;&quot;,&quot;focal_length&quot;:&quot;0&quot;,&quot;iso&quot;:&quot;0&quot;,&quot;shutter_speed&quot;:&quot;0&quot;,&quot;title&quot;:&quot;&quot;,&quot;orientation&quot;:&quot;0&quot;}\" data-image-title=\"20. Terrasse -Region Zu\u0308rich\" data-image-description=\"\" data-medium-file=\"http:\/\/kipos-gartenpflege.ch\/wp-content\/uploads\/2026\/02\/20.-Terrasse-Region-Zurich-300x225.webp\" data-large-file=\"http:\/\/kipos-gartenpflege.ch\/wp-content\/uploads\/2026\/02\/20.-Terrasse-Region-Zurich-1024x768.webp\" src=\"https:\/\/i0.wp.com\/kipos-gartenpflege.ch\/wp-content\/uploads\/2026\/02\/20.-Terrasse-Region-Zurich.webp?w=416&#038;h=311\" width=\"416\" height=\"311\" data-original-width=\"416\" data-original-height=\"311\" itemprop=\"http:\/\/schema.org\/image\" title=\"20. Terrasse -Region Zu\u0308rich\" alt=\"20. Terrasse -Region Zu\u0308rich\" style=\"width: 416px; height: 311px;\" \/> <\/div> <\/div> <!-- close group --> <div class=\"gallery-group images-1\" style=\"width: 840px; height: 631px;\" data-original-width=\"840\" data-original-height=\"631\" > <div class=\"tiled-gallery-item tiled-gallery-item-large\" itemprop=\"associatedMedia\" itemscope itemtype=\"http:\/\/schema.org\/ImageObject\"> <meta itemprop=\"width\" content=\"836\"> <meta itemprop=\"height\" content=\"627\"> <img loading=\"lazy\" decoding=\"async\" data-attachment-id=\"987999\" data-orig-file=\"http:\/\/kipos-gartenpflege.ch\/wp-content\/uploads\/2026\/02\/21.-Privatgarten-Region-Wintherthur.webp\" data-orig-size=\"1920,1440\" data-comments-opened=\"\" data-image-meta=\"{&quot;aperture&quot;:&quot;0&quot;,&quot;credit&quot;:&quot;&quot;,&quot;camera&quot;:&quot;&quot;,&quot;caption&quot;:&quot;&quot;,&quot;created_timestamp&quot;:&quot;0&quot;,&quot;copyright&quot;:&quot;&quot;,&quot;focal_length&quot;:&quot;0&quot;,&quot;iso&quot;:&quot;0&quot;,&quot;shutter_speed&quot;:&quot;0&quot;,&quot;title&quot;:&quot;&quot;,&quot;orientation&quot;:&quot;0&quot;}\" data-image-title=\"21. Privatgarten &#8211; Region Wintherthur\" data-image-description=\"\" data-medium-file=\"http:\/\/kipos-gartenpflege.ch\/wp-content\/uploads\/2026\/02\/21.-Privatgarten-Region-Wintherthur-300x225.webp\" data-large-file=\"http:\/\/kipos-gartenpflege.ch\/wp-content\/uploads\/2026\/02\/21.-Privatgarten-Region-Wintherthur-1024x768.webp\" src=\"https:\/\/i0.wp.com\/kipos-gartenpflege.ch\/wp-content\/uploads\/2026\/02\/21.-Privatgarten-Region-Wintherthur.webp?w=836&#038;h=627\" width=\"836\" height=\"627\" data-original-width=\"836\" data-original-height=\"627\" itemprop=\"http:\/\/schema.org\/image\" title=\"21. Privatgarten - Region Wintherthur\" alt=\"21. Privatgarten - Region Wintherthur\" style=\"width: 836px; height: 627px;\" \/> <\/div> <\/div> <!-- close group --> <\/div> <!-- close row --> <div class=\"gallery-row\" style=\"width: 1260px; height: 669px;\" data-original-width=\"1260\" data-original-height=\"669\" > <div class=\"gallery-group images-1\" style=\"width: 890px; height: 669px;\" data-original-width=\"890\" data-original-height=\"669\" > <div class=\"tiled-gallery-item tiled-gallery-item-large\" itemprop=\"associatedMedia\" itemscope itemtype=\"http:\/\/schema.org\/ImageObject\"> <meta itemprop=\"width\" content=\"886\"> <meta itemprop=\"height\" content=\"665\"> <img loading=\"lazy\" decoding=\"async\" data-attachment-id=\"988000\" data-orig-file=\"http:\/\/kipos-gartenpflege.ch\/wp-content\/uploads\/2026\/02\/22.-Privatgarten-Region-Zurichsee.webp\" data-orig-size=\"1920,1440\" data-comments-opened=\"\" data-image-meta=\"{&quot;aperture&quot;:&quot;0&quot;,&quot;credit&quot;:&quot;&quot;,&quot;camera&quot;:&quot;&quot;,&quot;caption&quot;:&quot;&quot;,&quot;created_timestamp&quot;:&quot;0&quot;,&quot;copyright&quot;:&quot;&quot;,&quot;focal_length&quot;:&quot;0&quot;,&quot;iso&quot;:&quot;0&quot;,&quot;shutter_speed&quot;:&quot;0&quot;,&quot;title&quot;:&quot;&quot;,&quot;orientation&quot;:&quot;0&quot;}\" data-image-title=\"22. Privatgarten &#8211; Region Zu\u0308richsee\" data-image-description=\"\" data-medium-file=\"http:\/\/kipos-gartenpflege.ch\/wp-content\/uploads\/2026\/02\/22.-Privatgarten-Region-Zurichsee-300x225.webp\" data-large-file=\"http:\/\/kipos-gartenpflege.ch\/wp-content\/uploads\/2026\/02\/22.-Privatgarten-Region-Zurichsee-1024x768.webp\" src=\"https:\/\/i0.wp.com\/kipos-gartenpflege.ch\/wp-content\/uploads\/2026\/02\/22.-Privatgarten-Region-Zurichsee.webp?w=886&#038;h=665\" width=\"886\" height=\"665\" data-original-width=\"886\" data-original-height=\"665\" itemprop=\"http:\/\/schema.org\/image\" title=\"22. Privatgarten - Region Zu\u0308richsee\" alt=\"22. Privatgarten - Region Zu\u0308richsee\" style=\"width: 886px; height: 665px;\" \/> <\/div> <\/div> <!-- close group --> <div class=\"gallery-group images-2\" style=\"width: 370px; height: 669px;\" data-original-width=\"370\" data-original-height=\"669\" > <div class=\"tiled-gallery-item tiled-gallery-item-large\" itemprop=\"associatedMedia\" itemscope itemtype=\"http:\/\/schema.org\/ImageObject\"> <meta itemprop=\"width\" content=\"366\"> <meta itemprop=\"height\" content=\"387\"> <img loading=\"lazy\" decoding=\"async\" data-attachment-id=\"988001\" data-orig-file=\"http:\/\/kipos-gartenpflege.ch\/wp-content\/uploads\/2026\/02\/23.-Privatgarten-Region-Zurichsee.webp\" data-orig-size=\"1498,1583\" data-comments-opened=\"\" data-image-meta=\"{&quot;aperture&quot;:&quot;0&quot;,&quot;credit&quot;:&quot;&quot;,&quot;camera&quot;:&quot;&quot;,&quot;caption&quot;:&quot;&quot;,&quot;created_timestamp&quot;:&quot;0&quot;,&quot;copyright&quot;:&quot;&quot;,&quot;focal_length&quot;:&quot;0&quot;,&quot;iso&quot;:&quot;0&quot;,&quot;shutter_speed&quot;:&quot;0&quot;,&quot;title&quot;:&quot;&quot;,&quot;orientation&quot;:&quot;0&quot;}\" data-image-title=\"23. Privatgarten &#8211; Region Zu\u0308richsee\" data-image-description=\"\" data-medium-file=\"http:\/\/kipos-gartenpflege.ch\/wp-content\/uploads\/2026\/02\/23.-Privatgarten-Region-Zurichsee-284x300.webp\" data-large-file=\"http:\/\/kipos-gartenpflege.ch\/wp-content\/uploads\/2026\/02\/23.-Privatgarten-Region-Zurichsee-969x1024.webp\" src=\"https:\/\/i0.wp.com\/kipos-gartenpflege.ch\/wp-content\/uploads\/2026\/02\/23.-Privatgarten-Region-Zurichsee.webp?w=366&#038;h=387\" width=\"366\" height=\"387\" data-original-width=\"366\" data-original-height=\"387\" itemprop=\"http:\/\/schema.org\/image\" title=\"23. Privatgarten - Region Zu\u0308richsee\" alt=\"23. Privatgarten - Region Zu\u0308richsee\" style=\"width: 366px; height: 387px;\" \/> <\/div> <div class=\"tiled-gallery-item tiled-gallery-item-large\" itemprop=\"associatedMedia\" itemscope itemtype=\"http:\/\/schema.org\/ImageObject\"> <meta itemprop=\"width\" content=\"366\"> <meta itemprop=\"height\" content=\"274\"> <img loading=\"lazy\" decoding=\"async\" data-attachment-id=\"988002\" data-orig-file=\"http:\/\/kipos-gartenpflege.ch\/wp-content\/uploads\/2026\/02\/24.-Privatgarten-Region-Zurich.webp\" data-orig-size=\"1920,1440\" data-comments-opened=\"\" data-image-meta=\"{&quot;aperture&quot;:&quot;0&quot;,&quot;credit&quot;:&quot;&quot;,&quot;camera&quot;:&quot;&quot;,&quot;caption&quot;:&quot;&quot;,&quot;created_timestamp&quot;:&quot;0&quot;,&quot;copyright&quot;:&quot;&quot;,&quot;focal_length&quot;:&quot;0&quot;,&quot;iso&quot;:&quot;0&quot;,&quot;shutter_speed&quot;:&quot;0&quot;,&quot;title&quot;:&quot;&quot;,&quot;orientation&quot;:&quot;0&quot;}\" data-image-title=\"24. Privatgarten &#8211; Region Zu\u0308rich\" data-image-description=\"\" data-medium-file=\"http:\/\/kipos-gartenpflege.ch\/wp-content\/uploads\/2026\/02\/24.-Privatgarten-Region-Zurich-300x225.webp\" data-large-file=\"http:\/\/kipos-gartenpflege.ch\/wp-content\/uploads\/2026\/02\/24.-Privatgarten-Region-Zurich-1024x768.webp\" src=\"https:\/\/i0.wp.com\/kipos-gartenpflege.ch\/wp-content\/uploads\/2026\/02\/24.-Privatgarten-Region-Zurich.webp?w=366&#038;h=274\" width=\"366\" height=\"274\" data-original-width=\"366\" data-original-height=\"274\" itemprop=\"http:\/\/schema.org\/image\" title=\"24. Privatgarten - Region Zu\u0308rich\" alt=\"24. Privatgarten - Region Zu\u0308rich\" style=\"width: 366px; height: 274px;\" \/> <\/div> <\/div> <!-- close group --> <\/div> <!-- close row --> <\/div>\n<h2>\n\t\u00dcber uns\n\t<\/h2>\n<h4>\n\tKipos bietet einen ganzheitlichen Service f\u00fcr die Pflege und Sch\u00f6nheit Ihres Gartens.\n\t<\/h4>\n\t\t\t\t\t\t\t<img decoding=\"async\"  src=\"http:\/\/kipos-gartenpflege.ch\/wp-content\/uploads\/2017\/09\/Tree-pic.svg\" alt=\"Tree-pic\" itemprop=\"image\" title=\"Tree-pic\" onerror=\"this.style.display='none'\" \/>\t\t\t\t\t\t\t\n<h3>\n\tSeit 2023!\n\t<\/h3>\n\t<p>Kipos Gartenpflege, gegr\u00fcndet 2023, ist ein Schweizer Garten- und Landschaftsbau- Betrieb mit Sitz in Uster.<\/p>\n<h5>\n\t2012\n\t<\/h5>\n\t<p>Der Gr\u00fcnder begann seine Laufbahn in einem kleinen Gartenbaubetrieb im Z\u00fcrcher Oberland und sammelte bereits dort wertvolle Erfahrungen in der Gartenpflege und -Gestaltung.<\/p>\n<h5>\n\t2016-2023\n\t<\/h5>\n\t<p>He worked as a foreman in Jona, in the garden maintenance department of one of Switzerland&#8217;s largest landscaping companies with an international presence.<\/p>\n<h5>\n\t2023\n\t<\/h5>\n\t<p>Mit meiner Erfahrung wurde es Zeit, ein eigenes Unternehmen zu gr\u00fcnden und Sie gl\u00fccklich zu machen.<\/p>\n<h3>\n\tHandwerkskunst\n\t<\/h3>\n\t<p>Bei Kipos sind wir stolz darauf, professionelle Ergebnisse zu liefern und dabei Nachhaltigkeit und Respekt f\u00fcr die Umwelt in den Vordergrund zu stellen.<\/p>\n\t<a href=\"http:\/\/kipos-gartenpflege.ch\/de\/about\/\" target=\"_self\" role=\"button\" rel=\"noopener\">\n\t\t\t\t\t\u00dcber uns\n\t<\/a>\n<h3>\n\tPhilosophie\n\t<\/h3>\n\t<p>&#8220;I&#8217;m in my element when I create natural habitats. Let&#8217;s enrich flora and fauna together.&#8221;<\/p>\n<h5>\n\t&#8211; Jannis Papadimas\n\t<\/h5>\n<h2>\n\tUnsere Kunden\n\t<\/h2>\n<h5>\n\tWir sind stolz auf jedes Projekt!\n\t<\/h5>\n<h5>\n\tSch\u00e4tzen Sie Ihr Projekt\n\t<\/h5>\n\t<a href=\"http:\/\/kipos-gartenpflege.ch\/de\/contact\/\" target=\"_self\" role=\"button\" rel=\"noopener\">\n\t\t\t\t\tEinen Kostenvoranschlag anfordern\n\t<\/a>\n\n<\/div><!-- .vgblk-rw-wrapper -->","protected":false},"excerpt":{"rendered":"<p>We take care of everything related to your garden. Leave your garden in our experienced hands and enjoy carefree moments with your loved ones in your green paradise. Our values At Kipos Garden Care, we live by the philosophy of sustainability and respectful interaction with nature. With our many years of expertise, we are committed&#8230;<\/p>","protected":false},"author":1,"featured_media":0,"parent":0,"menu_order":0,"comment_status":"closed","ping_status":"closed","template":"","meta":{"inline_featured_image":false,"footnotes":""},"jetpack_sharing_enabled":true,"_links":{"self":[{"href":"http:\/\/kipos-gartenpflege.ch\/de\/wp-json\/wp\/v2\/pages\/14013"}],"collection":[{"href":"http:\/\/kipos-gartenpflege.ch\/de\/wp-json\/wp\/v2\/pages"}],"about":[{"href":"http:\/\/kipos-gartenpflege.ch\/de\/wp-json\/wp\/v2\/types\/page"}],"author":[{"embeddable":true,"href":"http:\/\/kipos-gartenpflege.ch\/de\/wp-json\/wp\/v2\/users\/1"}],"replies":[{"embeddable":true,"href":"http:\/\/kipos-gartenpflege.ch\/de\/wp-json\/wp\/v2\/comments?post=14013"}],"version-history":[{"count":47,"href":"http:\/\/kipos-gartenpflege.ch\/de\/wp-json\/wp\/v2\/pages\/14013\/revisions"}],"predecessor-version":[{"id":988008,"href":"http:\/\/kipos-gartenpflege.ch\/de\/wp-json\/wp\/v2\/pages\/14013\/revisions\/988008"}],"wp:attachment":[{"href":"http:\/\/kipos-gartenpflege.ch\/de\/wp-json\/wp\/v2\/media?parent=14013"}],"curies":[{"name":"wp","href":"https:\/\/api.w.org\/{rel}","templated":true}]}}